{"id":44,"date":"2022-09-05T12:17:09","date_gmt":"2022-09-05T12:17:09","guid":{"rendered":"https:\/\/antoineponcet.com\/?page_id=44"},"modified":"2023-09-15T07:06:54","modified_gmt":"2023-09-15T07:06:54","slug":"biographie","status":"publish","type":"page","link":"https:\/\/antoineponcet.com\/?page_id=44","title":{"rendered":"Biographie"},"content":{"rendered":"<div id=\"pl-44\"  class=\"panel-layout\" ><div id=\"pg-44-0\"  class=\"panel-grid panel-has-style\" ><div class=\"panel-row-style panel-row-style-for-44-0\" ><div id=\"pgc-44-0-0\"  class=\"panel-grid-cell panel-grid-cell-mobile-last\" ><div id=\"panel-44-0-0-0\" class=\"so-panel widget widget_sow-editor panel-first-child panel-last-child\" data-index=\"0\" ><div class=\"bio panel-widget-style panel-widget-style-for-44-0-0-0\" ><div\n\t\t\t\n\t\t\tclass=\"so-widget-sow-editor so-widget-sow-editor-base\"\n\t\t\t\n\t\t>\n<div class=\"siteorigin-widget-tinymce textwidget\">\n\t<h1>Biographie<\/h1>\n<h2>1928 - 2022<\/h2>\n<p>Issu d\u2019une famille d\u2019artistes \u2013 il est le fils du peintre-verrier suisse Marcel Poncet et le petit-fils du c\u00e9l\u00e8bre peintre et th\u00e9oricien du groupe des Nabis, Maurice Denis \u2013 Antoine Poncet choisit la sculpture d\u00e8s son adolescence et l\u2019\u00e9tudie aupr\u00e8s de Germaine Richier \u00e0 Zurich et de Casimir Reymond \u00e0 Lausanne. Sa rencontre avec Jean Arp en 1951 est d\u00e9cisive tant elle pr\u00e9cipite son abandon de la sculpture figurative pour l\u2019exploration d\u2019un art concret. Antoine Poncet devient son praticien ce qui lui permet de d\u00e9couvrir la richesse des formes non-figuratives mais aussi la d\u00e9sinvolture du po\u00e8te qui manipulait avec humour les mots et les mati\u00e8res. Si ses premi\u00e8res sculptures abstraites (<em>Forme rampante<\/em>, 1956) sont tributaires du vocabulaire de Arp, Antoine Poncet s\u2019affranchit tr\u00e8s rapidement de cette influence en \u00e9laborant un langage plastique autonome.<br \/>\nDans l\u2019\u00e9mulation du Paris des ann\u00e9es 1950-1960, il multiplie les expositions et les rencontres f\u00e9condes. Il participe notamment au Salon de la jeune sculpture (1953) et au Salon des R\u00e9alit\u00e9s nouvelles (1954), repr\u00e9sente la Suisse \u00e0 la Biennale de Venise (1956) c\u00f4toie le coll\u00e8ge vaudois des artistes concrets puis le groupe Espace anim\u00e9 par l\u2019architecte Andr\u00e9 Bloc, voit ses sculptures distingu\u00e9es par d\u2019\u00e9minents critiques tels que Michel Seuphor ou Denys Chevalier, rencontre Constantin Brancusi et Ossip Zadkine, se lie d\u2019amiti\u00e9 avec Alicia Penalba, Etienne-Martin, Fran\u00e7ois Stahly, Isabelle Wahlberg, Emile Gilioli et Augustin Cardenas. En 1959, il pr\u00e9sente un large ensemble de sculptures dans la galerie Iris Clert sous le titre Bestiaire insolite, mani\u00e8re de dire le caract\u00e8re irr\u00e9v\u00e9rencieux de sa cr\u00e9ation d\u2019alors et sa parent\u00e9 avec la morphologie.<br \/>\nSes participations au symposium de Manazuru en 1963 et au s\u00e9minaire de Quercetta en 1964 marquent sa d\u00e9couverte de la pierre et l\u2019\u00e9volution de son oeuvre vers la monumentalit\u00e9. Anim\u00e9 par l\u2019id\u00e9e que la force suggestive d\u2019une sculpture tient \u00e0 la justesse des proportions plus qu\u2019\u00e0 ses dimensions, il exp\u00e9rimente les qualit\u00e9s expressives du marbre. Cette recherche prend un nouvel essor entre 1967 et 1968 gr\u00e2ce au m\u00e9c\u00e9nat de l\u2019industriel am\u00e9ricain Nathan Cummings pour qui il r\u00e9alise dixhuit sculptures monumentales en marbres color\u00e9s, autant de pi\u00e8ces aujourd\u2019hui plac\u00e9es dans des institutions mus\u00e9ales prestigieuses d\u2019Am\u00e9rique du Nord.<br \/>\nLes ann\u00e9es 1970-1980 voient son oeuvre sculpt\u00e9 internationalement reconnu comme en attestent les nombreuses expositions organis\u00e9es en Europe mais \u00e9galement aux Etats-Unis, au Canada et au Japon. A cette \u00e9poque, il se partage entre Paris et Carrare o\u00f9 il puise son \u00e9nergie dans les carri\u00e8res et la coll\u00e9gialit\u00e9 des ateliers. Pendant ces ann\u00e9es d\u2019intense cr\u00e9ativit\u00e9, le sculpteur met sa pratique \u00e0 l\u2019\u00e9preuve en prenant, par exemple, pour point de d\u00e9part la forme ovo\u00efde qu\u2019il d\u00e9cline en une s\u00e9rie de sculptures au trac\u00e9 ac\u00e9r\u00e9 dont la Flamboyante (1975) install\u00e9e Place des Bergues \u00e0 Gen\u00e8ve est une illustration \u00e9loquente. Un peu plus tard, il s\u2019exerce \u00e0 fixer le mouvement dans le marbre par une suite de Fugues (1981-1982) d\u2019une puissante musicalit\u00e9.<br \/>\nAu fil des ann\u00e9es, Antoine Poncet poursuit inlassablement son dialogue avec la mati\u00e8re, convaincu que l\u2019\u00e9quilibre auquel il aspire est toujours \u00e0 r\u00e9inventer. Dans les ann\u00e9es 1990-2000, il privil\u00e9gie les bronzes aux patines d\u00e9licates et les marbres les plus purs tels le blanc de Carrare, le rose du Portugal ou le noir de Belgique. Ses sculptures gagnent en simplicit\u00e9, comme l\u2019illustrent le grand marbre d\u2019Ailiotrope cr\u00e9\u00e9e pour l\u2019E.P.F.L. en 1992 aujourd\u2019hui install\u00e9 sur le nouveau campus ou cet autre marbre de Carrare \u2013 Les Ailes de l\u2019Aurore \u2013 qui s\u2019\u00e9l\u00e8ve square Jacques de Blainville dans le 7e arrondissement de Paris.<br \/>\nR\u00e9cemment, comme pour rompre \u00e0 nouveau l\u2019\u00e9quilibre, Antoine Poncet accorde une place plus grande dans son travail \u00e0 des formes vives, volontiers contondantes (Germinante, 2016, Ditesecr\u00e8te, 2019-2020), que le bronze poli diapre d\u2019ombres et de lumi\u00e8res.<br \/>\nMa\u00eetrisant le dessin, le sculpteur a c\u00e9l\u00e9br\u00e9 jusque dans les ann\u00e9es 2020, la forme en deux dimensions dans une profusion d\u2019oeuvres graphiques, dessins \u00e0 la mine de plomb, d\u00e9coupages de formes color\u00e9es suggestives.<br \/>\nEn 1993 le sculpteur est \u00e9lu membre de l\u2019Acad\u00e9mie des beaux-arts dont il assure la pr\u00e9sidence en 2009.<\/p>\n<p>Antoine Poncet s\u2019est \u00e9teint le 13 ao\u00fbt 2022 \u00e0 Meudon-la-For\u00eat.<\/p>\n<h1>Prix et distinctions<\/h1>\n<ul>\n<li>1955 Prix f\u00e9d\u00e9ral de sculpture<\/li>\n<li>1957 Prix Andr\u00e9 Susse<\/li>\n<li>1983 Prix Henry Moore du mus\u00e9e d\u2019Hakone<\/li>\n<li>1996 Prix de la fondation de l\u2019Hermitage<br \/>\nChevalier de l\u2019ordre national du M\u00e9rite<br \/>\nOfficier de l\u2019ordre des Palmes acad\u00e9miques<br \/>\nChevalier des Arts et Lettres<\/li>\n<\/ul>\n<h1>Principales expositions<\/h1>\n<ul>\n<li>2019 National Art Museum of China (NAMOC), P\u00e9kin<\/li>\n<li>2018 Artzuid, Amsterdam<\/li>\n<li>2016 Galerie Patrice Trigano, Paris<\/li>\n<li>2015 Yishu-8, Maison des arts de P\u00e9kin, P\u00e9kin<br \/>\nGalerie Ber\u00e8s, Paris<\/li>\n<li>2014 Galerie Frank Pag\u00e8s, Gen\u00e8ve<\/li>\n<li>2013 - 2014 Galerie Ber\u00e8s, Paris<br \/>\nGalerie Goldenberg, Paris<\/li>\n<li>2013 Centre d\u2019arts plastiques, Carrare<\/li>\n<li>2010 Jing\u2019An Sculpture Park, Shanghai<\/li>\n<li>2009 Fondation Coubertin, Saint-R\u00e9my-l\u00e8s-Chevreuse<br \/>\nDeuxi\u00e8me biennale de sculpture, Propri\u00e9t\u00e9 Caillebotte, Yerres<\/li>\n<li>2008 Mus\u00e9e Marmottan, Paris<\/li>\n<li>2007 Premi\u00e8re biennale de sculpture, Propri\u00e9t\u00e9 Caillebotte, Yerres<br \/>\nGalerie Louis et Jacqueline Freling, Vich<\/li>\n<li>2006 Symposium international de Jeju<br \/>\nGalerie Pag\u00e8s, Baden-Baden<br \/>\nGalerie Darthea Speyer, Paris<\/li>\n<li>2005 Les g\u00e9ants du Nideck, symposium de sculpture, Oberhaslach<br \/>\nH\u00f4tel de Ville d\u2019Angers<br \/>\nArtrium, Gen\u00e8ve<\/li>\n<li>2004 Ch\u00e2teau de la Nerthe, Ch\u00e2teau-Neuf-du-Pape<\/li>\n<li>2003 Galerie Ber\u00e8s, Paris<\/li>\n<li>2000 Galerie Contemporary Sculpture Center, Tokyo<\/li>\n<li>1999 Galerie Pag\u00e8s, Baden-Baden<\/li>\n<li>1997 Galerie Darthea Speyer, Paris<\/li>\n<li>1996 Galerie de l\u2019\u00c9cluse, Paris<\/li>\n<li>1994 H\u00f4tel de Ville, Yverdon<\/li>\n<li>1993 Parc de l\u2019Arsenal, Metz<\/li>\n<li>1992 Fondation Pierre Gianadda, Martigny<\/li>\n<li>1991 Galerie Dieleman, Bruxelles<\/li>\n<li>1988 Ville de Vichy<br \/>\nGalerie du Luxembourg, Luxembourg<\/li>\n<li>1985 Ville de Tarbes<\/li>\n<li>1984 Galerie du Luxembourg, Luxembourg<\/li>\n<li>1983 Galerie Alice Pauli, Lausanne<\/li>\n<li>1981 Galerie Paul Bruck, Luxembourg<\/li>\n<li>1980 Weintraub Gallery, New York<br \/>\nGalerie Hoogsteder, Eindhoven<\/li>\n<li>1979 Mus\u00e9e Bourdelle, Paris<br \/>\nBritish Petroleum, Anvers<\/li>\n<li>1978 Weintraub Gallery, New York<\/li>\n<li>1977 Fondation Casimir Reymond, Lausanne<\/li>\n<li>1975 Galerie de France et du B\u00e9n\u00e9lux, Bruxelles<br \/>\nAbbaye de Bellelay<\/li>\n<li>1974 Mus\u00e9e des Beaux-Arts, La Chaux-de-Fonds<br \/>\nGalerie Schindler, Berne<\/li>\n<li>1973 Galerie Hedy Stevens, Toronto<br \/>\nGalerie Charles Slatkin, New York<\/li>\n<li>1972 Galerie Alice Pauli, Lausanne<\/li>\n<li>1970 Galerie du Prieur\u00e9, Carennac<\/li>\n<li>1969 Mus\u00e9e Galliera, Paris<br \/>\nGalerie La Demeure, Paris<br \/>\nGalerie Gr\u00e9goire, Marseille<\/li>\n<li>1966 Galerie Marbach, Paris<br \/>\nGalerie d\u2019Eendt, Amsterdam<br \/>\nGalerie Axelsen, G\u00f6teborg<\/li>\n<li>1962 Galerie Jean-Louis Roque, Paris<\/li>\n<li>1955 Mus\u00e9e de Winterthur<\/li>\n<li>1949 Pour l\u2019Art, Lausanne<\/li>\n<\/ul>\n<h1>Sculptures <em>In situ<\/em><\/h1>\n<ul>\n<li>2020 <em>Pens\u00e9e,<\/em> Martigny (Suisse), giratoire de la Louve<\/li>\n<li>2018 <em>Flamboyante,<\/em> Shangha\u00ef (Chine), district de Pudong, avenue du Si\u00e8cle<\/li>\n<li>2017 <em>Fugue Fougue,<\/em> Shangha\u00ef (Chine), district de Pudong, avenue du Si\u00e8cle<\/li>\n<li>2015 <em>Chrysalied,<\/em> Auteuil-le-Roi (France), parc de la mairie<\/li>\n<li>2011 <em>L\u2019Envol,<\/em> P\u00e9kin (Chine), Olympic Museum<\/li>\n<li>2009 <em>Translucide,<\/em> Amsterdam (Pays-Bas)<\/li>\n<li>2004 <em>Fugue Fougue,<\/em> Baden Baden (Allemagne), Leopoldsplatz<\/li>\n<li>2001 <em>Spirituaile,<\/em> Scheutbos (Belgique), Centre g\u00e9riatrique<\/li>\n<li>1998 <em>Sentinaile,<\/em> Metz (France), Arsenal<\/li>\n<li>1998 <em>Lumineuse,<\/em> Yokohama (Japon), Yokohama Bay Sheraton Hotel &amp; Towers<\/li>\n<li>1998 <em>Pr\u00e9sence,<\/em> Gen\u00e8ve (Suisse), si\u00e8ge de la soci\u00e9t\u00e9 Cogetex<\/li>\n<li>1994 <em>Les Ailes de l\u2019Aurore,<\/em> Paris (France), Place Jacques de Bainville<\/li>\n<li>1992 <em>Secr\u00e8te,<\/em> Martigny (Suisse), giratoire de la chapelle Saint-Michel<\/li>\n<li>1992 <em>Ailiotrope,<\/em> Lausanne (Suisse), E.P.F.L.<\/li>\n<li>1991 <em>Agrippine, Altissimo, Uncorpsuptible,<\/em> Deerfield (\u00c9tats-Unis), Public Library, Village Hall<\/li>\n<li>1990<em> Aube,<\/em> Lausanne (Suisse), Universit\u00e9 de Lausanne \u2013 site Dorigny<\/li>\n<li>1990 <em>L\u2019Embellie,<\/em> Nanterre (France), si\u00e8ge de la soci\u00e9t\u00e9 Dumez<\/li>\n<li>1985 <em>Fugue Fougue,<\/em> Nouvelle Orl\u00e9ans (\u00c9tats-Unis), Touro Infirmary<\/li>\n<li>1984 <em>Montrailes,<\/em> Montreux (Suisse), Parc de Vernex<\/li>\n<li>1988 <em>Papille spatiale,<\/em> Gen\u00e8ve (Suisse), Centre m\u00e9dical universitaire<\/li>\n<li>1985 <em>Marina Flower,<\/em> Singapour, Mandarin Oriental<\/li>\n<li>1981 <em>Fugue en \u00e9l\u00e9vation,<\/em> Paris (France), Ecole Nationale d\u2019Administration<\/li>\n<li>1979 <em>Froidamante,<\/em> Saclay (France), Ecole polytechnique<\/li>\n<li>1975 <em>Flamboyante,<\/em> Gen\u00e8ve (Suisse), Place des Bergues<\/li>\n<li>1975 <em>Elan blanc,<\/em> Villefranche-sur-Sa\u00f4ne (France), lyc\u00e9e<\/li>\n<li>1974 <em>Rouge Coquille,<\/em> Evanston (\u00c9tats-Unis), Northwestern University<\/li>\n<li>1973 <em>R\u00eavevert,<\/em> Toronto, si\u00e8ge de la soci\u00e9t\u00e9 Cadillac-Fairview<\/li>\n<li>1973 <em>Aileronde,<\/em> Chicago, Universit\u00e9 de Chicago<\/li>\n<li>1972 <em>Chairech\u00e8re,<\/em> Marseille, I.U.T. Aix-Marseille, site Saint-J\u00e9r\u00f4me<\/li>\n<li>1971 <em>Biailesrondes,<\/em> Besan\u00e7on, I.U.T. de Besan\u00e7on-Vesoul<\/li>\n<li>1970 <em>Aurore,<\/em> Rueil-Malmaison (France), coll\u00e8ge<\/li>\n<li>1970 <em>Oriflammes,<\/em> Saint-Brieuc (France), coll\u00e8ge<\/li>\n<li>1970 <em>Lovemauresque,<\/em> Atlanta (\u00c9tats-Unis), Oxford Chemical<\/li>\n<li>1968 <em>Relief mural,<\/em> Albi, lyc\u00e9e et coll\u00e8ge Bellevue<\/li>\n<li>1967 <em>Pinceonde,<\/em> P\u00e9kin (Chine), Ambassade de Suisse<\/li>\n<li>1966 <em>H\u00e9lys des mers,<\/em> Lausanne (Suisse), Swiss Atlantic<\/li>\n<li>1966 <em>Sculpture monumentale,<\/em> Laon, coll\u00e8ge<\/li>\n<li>1966 <em>Coror\u00e9ol,<\/em> Sceaux, coll\u00e8ge<\/li>\n<li>1955-1956 <em>Vitrail \/ bas-relief,<\/em> Baccarat, \u00e9glise Saint-R\u00e9my<\/li>\n<\/ul>\n<h1>Collections publiques et mus\u00e9es priv\u00e9s<\/h1>\n<h2>France<\/h2>\n<p>Le Havre, mus\u00e9e d'Art moderne Andr\u00e9 Malraux<br \/>\nParis, Centre Georges Pompidou - mus\u00e9e national d'Art moderne<br \/>\nParis, CNAP<br \/>\nParis, FRAC - Ile-de-France<br \/>\nParis, fonds d\u2019Art contemporain \u2013 Paris collections<br \/>\nParis, mus\u00e9e Bourdelle<br \/>\nParis, mus\u00e9e d'Art moderne de la ville de Paris<br \/>\nParis, mus\u00e9e de la Sculpture en plein air<br \/>\nMeudon, mus\u00e9e d\u2019Art et d\u2019histoire<br \/>\nMont-de-Marsan, Mus\u00e9e Despiau-Wl\u00e9rick<br \/>\nPau, mus\u00e9e des Beaux-arts<br \/>\nSaint Laurent de Gosse, la Petite Escal\u00e8re \u2013 Jardin de sculptures<\/p>\n<h2>Suisse<\/h2>\n<p>La Chaux-de-Fonds, mus\u00e9e des Beaux-arts<br \/>\nLausanne, mus\u00e9e cantonal des Beaux-arts<br \/>\nMartigny, fondation Pierre Gianadda<\/p>\n<h2>\u00c9tranger<\/h2>\n<p>Brooklyn (\u00c9tats-Unis), Brooklyn Museum<br \/>\nChaska (\u00c9tats-Unis), The Harrison Sculpture Garden<br \/>\nHakone (Japon), Open-Air Museum<br \/>\nJeju-Do (Cor\u00e9e), Museum of Contemporary Art<br \/>\nK\u00fcnzelsau (Allemagne), W\u00fcrth Museum<br \/>\nMemphis (\u00c9tats-Unis), Dixon Gallery and Gardens<br \/>\nMilan (Italie), Museo del Novecento<br \/>\nMilan (Italie), Fondazione Banca Intesa San Paolo<br \/>\nMinneapolis (\u00c9tats-Unis), Institute of Arts<br \/>\nMontgomery (\u00c9tats-Unis), Museum of Fine Arts<br \/>\nMontr\u00e9al (Canada), mus\u00e9e des Beaux-arts<br \/>\nNew London (\u00c9tats-Unis), Connecticut College \u2013 Cummings Arts Center<br \/>\nNew York (\u00c9tats-Unis), Museum of Modern Art<br \/>\nNotre-Dame (\u00c9tats-Unis), Snite Museum of Art - University of Notre-Dame<br \/>\nPeoria (\u00c9tats-Unis), Riverfront Museum<br \/>\nP\u00e9kin (Chine), Olympic Museum<br \/>\nP\u00e9kin (Chine), National Art Museum of China (NAMOC)<br \/>\nSanta Cruz de la Palma (Espagne), Museo de Bellas Artes<br \/>\nShangha\u00ef (Chine), Jing\u2019An Sculpture Park<br \/>\nStanford (\u00c9tats-Unis), Cantor Arts Center<br \/>\nTel Aviv (Isra\u00ebl), Tel Aviv Museum of Art<br \/>\nToronto (Canada), Art Gallery of Ontario<br \/>\nWashington (\u00c9tats-Unis), Hirshhorn Museum and Sculpture Garden Collection<\/p>\n<h1>Bibliographie s\u00e9lective<\/h1>\n<p>Francesca Nicoli, dir., Antoine Poncet : <em>Aureo equilibrio nell\u2019astrattismo internazionale,<\/em> cat. cxp., Pontedera, Bandechi &amp; Vivaldi, 2013<\/p>\n<p>Roland Ropars, <em>De la terre \u00e0 l\u2019id\u00e9e pure, Antoine Poncet, un sculpteur platonicien,\u00a0<\/em>Tussot, Du L\u00e9rot, \u00e9diteur, Collection Algues Vertes, 2013<\/p>\n<p><em>Sculpture d\u2019Antoine Poncet : R\u00e9sonances po\u00e9tiques<\/em> avec Jean Arp et Philippe Jaccottet, cat. exp., Saint-R\u00e9my-l\u00e8s-Chevreuse, Fondation de Coubertin, 2009<\/p>\n<p>Gildas Veneau et al., <em>Antoine Poncet,<\/em> \u00c9ditions de l'\u00c9ducation du Hebei, 2005<\/p>\n<p>Andr\u00e9 Kuenzi, <em>Antoine Poncet ou la part du r\u00eave,<\/em> L\u2019OEil, n\u00b0 338, septembre 1983<\/p>\n<p><em>Trois g\u00e9n\u00e9rations d'artistes : Maurice Denis, Marcel Poncet, Antoine Poncet,<\/em> cat. exp., Paris, Mus\u00e9e Bourdelle, 1979<\/p>\n<p>Ionel Jianou, <em>Antoine Poncet,<\/em> Paris, Arted, 1975<\/p>\n<p><em>Marbres de Poncet,<\/em> [Textes par : Giuseppe Marchiori, Fran\u00e7ois Stahly, Jean Follain], Vichy, \u00c9ditions de la Rose des vents, 1969<\/p>\n<p><em>Sculptures d'Antoine Poncet.<\/em> Jean Bertholle, Jean Le Moal, Jacques Pajak, Henri Pfeiffer, Fritz Winter, Zao-Wou-Ki. Aquarelles, Gouaches, Peintures, Vente \u00e0 Paris, Palais Galliera, le 12 d\u00e9cembre 1969<\/p>\n<p>Denys Chevalier, <em>Antoine Poncet,<\/em> Le Mont-sur-Lausanne, La Rose des vents, 1961<\/p>\n<\/div>\n<\/div><\/div><\/div><\/div><div id=\"pgc-44-0-1\"  class=\"panel-grid-cell panel-grid-cell-empty\" ><\/div><\/div><\/div><\/div>","protected":false},"excerpt":{"rendered":"<p>Biographie 1928 &#8211; 2022 Issu d\u2019une famille d\u2019artistes \u2013 il est le fils du peintre-verrier suisse Marcel Poncet et le petit-fils du c\u00e9l\u00e8bre peintre et th\u00e9oricien du groupe des Nabis, Maurice Denis \u2013 Antoine Poncet choisit la sculpture d\u00e8s son adolescence et l\u2019\u00e9tudie aupr\u00e8s de Germaine Richier \u00e0 Zurich et de Casimir Reymond \u00e0 Lausanne. [&hellip;]<\/p>\n","protected":false},"author":1,"featured_media":0,"parent":0,"menu_order":0,"comment_status":"closed","ping_status":"closed","template":"","meta":{"footnotes":""},"class_list":["post-44","page","type-page","status-publish","hentry","post"],"_links":{"self":[{"href":"https:\/\/antoineponcet.com\/index.php?rest_route=\/wp\/v2\/pages\/44","targetHints":{"allow":["GET"]}}],"collection":[{"href":"https:\/\/antoineponcet.com\/index.php?rest_route=\/wp\/v2\/pages"}],"about":[{"href":"https:\/\/antoineponcet.com\/index.php?rest_route=\/wp\/v2\/types\/page"}],"author":[{"embeddable":true,"href":"https:\/\/antoineponcet.com\/index.php?rest_route=\/wp\/v2\/users\/1"}],"replies":[{"embeddable":true,"href":"https:\/\/antoineponcet.com\/index.php?rest_route=%2Fwp%2Fv2%2Fcomments&post=44"}],"version-history":[{"count":104,"href":"https:\/\/antoineponcet.com\/index.php?rest_route=\/wp\/v2\/pages\/44\/revisions"}],"predecessor-version":[{"id":1212,"href":"https:\/\/antoineponcet.com\/index.php?rest_route=\/wp\/v2\/pages\/44\/revisions\/1212"}],"wp:attachment":[{"href":"https:\/\/antoineponcet.com\/index.php?rest_route=%2Fwp%2Fv2%2Fmedia&parent=44"}],"curies":[{"name":"wp","href":"https:\/\/api.w.org\/{rel}","templated":true}]}}